{"id":1431,"date":"2026-09-03T02:31:57","date_gmt":"2026-09-03T02:31:57","guid":{"rendered":"https:\/\/consensodebrasilia.org\/?page_id=1431"},"modified":"2026-09-03T02:34:56","modified_gmt":"2026-09-03T02:34:56","slug":"noticias","status":"publish","type":"page","link":"https:\/\/consensodebrasilia.org\/pt\/noticias\/","title":{"rendered":"Noticias"},"content":{"rendered":"<div data-elementor-type=\"wp-page\" data-elementor-id=\"1431\" class=\"elementor elementor-1431\" data-elementor-post-type=\"page\">\n\t\t\t\t<div class=\"elementor-element elementor-element-a93854e e-flex e-con-boxed e-con e-parent\" data-id=\"a93854e\" data-element_type=\"container\" data-e-type=\"container\">\n\t\t\t\t\t<div class=\"e-con-inner\">\n\t\t\t\t<div class=\"elementor-element elementor-element-eb56f54 elementor-grid-3 elementor-grid-tablet-2 elementor-grid-mobile-1 elementor-posts--thumbnail-top elementor-card-shadow-yes elementor-posts__hover-gradient elementor-widget elementor-widget-posts\" data-id=\"eb56f54\" data-element_type=\"widget\" data-e-type=\"widget\" data-settings=\"{&quot;pagination_type&quot;:&quot;numbers_and_prev_next&quot;,&quot;cards_columns&quot;:&quot;3&quot;,&quot;cards_columns_tablet&quot;:&quot;2&quot;,&quot;cards_columns_mobile&quot;:&quot;1&quot;,&quot;cards_row_gap&quot;:{&quot;unit&quot;:&quot;px&quot;,&quot;size&quot;:35,&quot;sizes&quot;:[]},&quot;cards_row_gap_tablet&quot;:{&quot;unit&quot;:&quot;px&quot;,&quot;size&quot;:&quot;&quot;,&quot;sizes&quot;:[]},&quot;cards_row_gap_mobile&quot;:{&quot;unit&quot;:&quot;px&quot;,&quot;size&quot;:&quot;&quot;,&quot;sizes&quot;:[]}}\" data-widget_type=\"posts.cards\">\n\t\t\t\t<div class=\"elementor-widget-container\">\n\t\t\t\t\t\t\t<div class=\"elementor-posts-container elementor-posts elementor-posts--skin-cards elementor-grid\" role=\"list\">\n\t\t\t\t<article class=\"elementor-post elementor-grid-item post-1429 post type-post status-publish format-standard has-post-thumbnail hentry category-noticias\" role=\"listitem\">\n\t\t\t<div class=\"elementor-post__card\">\n\t\t\t\t<a class=\"elementor-post__thumbnail__link\" href=\"https:\/\/consensodebrasilia.org\/pt\/conversatorio-sobre-integracion-productiva-en-el-marco-del-consenso-de-brasilia\/\" tabindex=\"-1\" ><div class=\"elementor-post__thumbnail\"><img fetchpriority=\"high\" decoding=\"async\" width=\"300\" height=\"169\" src=\"https:\/\/consensodebrasilia.org\/wp-content\/uploads\/2026\/09\/01-INTEGRACION-PRODUCTIVA-d-300x169.jpeg\" class=\"attachment-medium size-medium wp-image-1402\" alt=\"\" srcset=\"https:\/\/consensodebrasilia.org\/wp-content\/uploads\/2026\/09\/01-INTEGRACION-PRODUCTIVA-d-300x169.jpeg 300w, https:\/\/consensodebrasilia.org\/wp-content\/uploads\/2026\/09\/01-INTEGRACION-PRODUCTIVA-d-1024x576.jpeg 1024w, https:\/\/consensodebrasilia.org\/wp-content\/uploads\/2026\/09\/01-INTEGRACION-PRODUCTIVA-d-768x432.jpeg 768w, https:\/\/consensodebrasilia.org\/wp-content\/uploads\/2026\/09\/01-INTEGRACION-PRODUCTIVA-d-1536x864.jpeg 1536w, https:\/\/consensodebrasilia.org\/wp-content\/uploads\/2026\/09\/01-INTEGRACION-PRODUCTIVA-d-18x10.jpeg 18w, https:\/\/consensodebrasilia.org\/wp-content\/uploads\/2026\/09\/01-INTEGRACION-PRODUCTIVA-d.jpeg 1600w\" sizes=\"(max-width: 300px) 100vw, 300px\" \/><\/div><\/a>\n\t\t\t\t<div class=\"elementor-post__badge\">Noticias<\/div>\n\t\t\t\t<div class=\"elementor-post__text\">\n\t\t\t\t<h3 class=\"elementor-post__title\">\n\t\t\t<a href=\"https:\/\/consensodebrasilia.org\/pt\/conversatorio-sobre-integracion-productiva-en-el-marco-del-consenso-de-brasilia\/\" >\n\t\t\t\tConversatorio sobre Integraci\u00f3n Productiva en el marco del Consenso de Brasilia\t\t\t<\/a>\n\t\t<\/h3>\n\t\t\t\t<div class=\"elementor-post__excerpt\">\n\t\t\t<p>Bajo la presidencia rotativa de Uruguay tuvo lugar un conversatorio sobre Integraci\u00f3n Productiva en el marco del Consenso de Brasilia. Organizado por<\/p>\n\t\t<\/div>\n\t\t\n\t\t<a class=\"elementor-post__read-more\" href=\"https:\/\/consensodebrasilia.org\/pt\/conversatorio-sobre-integracion-productiva-en-el-marco-del-consenso-de-brasilia\/\" aria-label=\"Read more about Conversatorio sobre Integraci\u00f3n Productiva en el marco del Consenso de Brasilia\" tabindex=\"-1\" >\n\t\t\tLeer m\u00e1s \u00bb\t\t<\/a>\n\n\t\t\t\t<\/div>\n\t\t\t\t\t<\/div>\n\t\t<\/article>\n\t\t\t\t<article class=\"elementor-post elementor-grid-item post-1427 post type-post status-publish format-standard has-post-thumbnail hentry category-noticias\" role=\"listitem\">\n\t\t\t<div class=\"elementor-post__card\">\n\t\t\t\t<a class=\"elementor-post__thumbnail__link\" href=\"https:\/\/consensodebrasilia.org\/pt\/4ta-reunion-de-los-coordinadores-nacionales-del-consenso-de-brasilia-durante-la-presidencia-rotativa-de-uruguay\/\" tabindex=\"-1\" ><div class=\"elementor-post__thumbnail\"><img decoding=\"async\" width=\"300\" height=\"169\" src=\"https:\/\/consensodebrasilia.org\/wp-content\/uploads\/2026\/09\/02-COORDINADORES-NACIONALES-300x169.jpg\" class=\"attachment-medium size-medium wp-image-1391\" alt=\"\" srcset=\"https:\/\/consensodebrasilia.org\/wp-content\/uploads\/2026\/09\/02-COORDINADORES-NACIONALES-300x169.jpg 300w, https:\/\/consensodebrasilia.org\/wp-content\/uploads\/2026\/09\/02-COORDINADORES-NACIONALES-1024x576.jpg 1024w, https:\/\/consensodebrasilia.org\/wp-content\/uploads\/2026\/09\/02-COORDINADORES-NACIONALES-768x432.jpg 768w, https:\/\/consensodebrasilia.org\/wp-content\/uploads\/2026\/09\/02-COORDINADORES-NACIONALES-1536x864.jpg 1536w, https:\/\/consensodebrasilia.org\/wp-content\/uploads\/2026\/09\/02-COORDINADORES-NACIONALES-18x10.jpg 18w, https:\/\/consensodebrasilia.org\/wp-content\/uploads\/2026\/09\/02-COORDINADORES-NACIONALES.jpg 1920w\" sizes=\"(max-width: 300px) 100vw, 300px\" \/><\/div><\/a>\n\t\t\t\t<div class=\"elementor-post__badge\">Noticias<\/div>\n\t\t\t\t<div class=\"elementor-post__text\">\n\t\t\t\t<h3 class=\"elementor-post__title\">\n\t\t\t<a href=\"https:\/\/consensodebrasilia.org\/pt\/4ta-reunion-de-los-coordinadores-nacionales-del-consenso-de-brasilia-durante-la-presidencia-rotativa-de-uruguay\/\" >\n\t\t\t\t4ta. Reuni\u00f3n de los Coordinadores Nacionales del Consenso de Brasilia durante la presidencia rotativa de Uruguay\t\t\t<\/a>\n\t\t<\/h3>\n\t\t\t\t<div class=\"elementor-post__excerpt\">\n\t\t\t<p>El 12 de junio de 2026 tuvo lugar, de manera virtual, una nueva reuni\u00f3n de los Coordinadores Nacionales del Consenso de Brasilia.<\/p>\n\t\t<\/div>\n\t\t\n\t\t<a class=\"elementor-post__read-more\" href=\"https:\/\/consensodebrasilia.org\/pt\/4ta-reunion-de-los-coordinadores-nacionales-del-consenso-de-brasilia-durante-la-presidencia-rotativa-de-uruguay\/\" aria-label=\"Read more about 4ta. Reuni\u00f3n de los Coordinadores Nacionales del Consenso de Brasilia durante la presidencia rotativa de Uruguay\" tabindex=\"-1\" >\n\t\t\tLeer m\u00e1s \u00bb\t\t<\/a>\n\n\t\t\t\t<\/div>\n\t\t\t\t\t<\/div>\n\t\t<\/article>\n\t\t\t\t<article class=\"elementor-post elementor-grid-item post-1425 post type-post status-publish format-standard has-post-thumbnail hentry category-noticias\" role=\"listitem\">\n\t\t\t<div class=\"elementor-post__card\">\n\t\t\t\t<a class=\"elementor-post__thumbnail__link\" href=\"https:\/\/consensodebrasilia.org\/pt\/gestion-de-riesgo-de-desastres-iv-reunion-de-altas-autoridades-del-consenso-de-brasilia\/\" tabindex=\"-1\" ><div class=\"elementor-post__thumbnail\"><img decoding=\"async\" width=\"300\" height=\"163\" src=\"https:\/\/consensodebrasilia.org\/wp-content\/uploads\/2026\/09\/03-DESASTRES-300x163.jpg\" class=\"attachment-medium size-medium wp-image-1392\" alt=\"\" srcset=\"https:\/\/consensodebrasilia.org\/wp-content\/uploads\/2026\/09\/03-DESASTRES-300x163.jpg 300w, https:\/\/consensodebrasilia.org\/wp-content\/uploads\/2026\/09\/03-DESASTRES-768x419.jpg 768w, https:\/\/consensodebrasilia.org\/wp-content\/uploads\/2026\/09\/03-DESASTRES-18x10.jpg 18w, https:\/\/consensodebrasilia.org\/wp-content\/uploads\/2026\/09\/03-DESASTRES.jpg 945w\" sizes=\"(max-width: 300px) 100vw, 300px\" \/><\/div><\/a>\n\t\t\t\t<div class=\"elementor-post__badge\">Noticias<\/div>\n\t\t\t\t<div class=\"elementor-post__text\">\n\t\t\t\t<h3 class=\"elementor-post__title\">\n\t\t\t<a href=\"https:\/\/consensodebrasilia.org\/pt\/gestion-de-riesgo-de-desastres-iv-reunion-de-altas-autoridades-del-consenso-de-brasilia\/\" >\n\t\t\t\tGesti\u00f3n de Riesgo de Desastres: IV Reuni\u00f3n de Altas Autoridades del Consenso de Brasilia\t\t\t<\/a>\n\t\t<\/h3>\n\t\t\t\t<div class=\"elementor-post__excerpt\">\n\t\t\t<p>Montevideo fue sede, los d\u00edas 4 y 5 de junio, de la IV Reuni\u00f3n de Altas Autoridades en Gesti\u00f3n de Riesgo de<\/p>\n\t\t<\/div>\n\t\t\n\t\t<a class=\"elementor-post__read-more\" href=\"https:\/\/consensodebrasilia.org\/pt\/gestion-de-riesgo-de-desastres-iv-reunion-de-altas-autoridades-del-consenso-de-brasilia\/\" aria-label=\"Read more about Gesti\u00f3n de Riesgo de Desastres: IV Reuni\u00f3n de Altas Autoridades del Consenso de Brasilia\" tabindex=\"-1\" >\n\t\t\tLeer m\u00e1s \u00bb\t\t<\/a>\n\n\t\t\t\t<\/div>\n\t\t\t\t\t<\/div>\n\t\t<\/article>\n\t\t\t\t<article class=\"elementor-post elementor-grid-item post-1423 post type-post status-publish format-standard has-post-thumbnail hentry category-noticias\" role=\"listitem\">\n\t\t\t<div class=\"elementor-post__card\">\n\t\t\t\t<a class=\"elementor-post__thumbnail__link\" href=\"https:\/\/consensodebrasilia.org\/pt\/la-celebracion-de-los-tres-anos-del-consenso-de-brasilia\/\" tabindex=\"-1\" ><div class=\"elementor-post__thumbnail\"><img loading=\"lazy\" decoding=\"async\" width=\"178\" height=\"300\" src=\"https:\/\/consensodebrasilia.org\/wp-content\/uploads\/2026\/09\/04-CONSENSO-3-ANOS-178x300.jpg\" class=\"attachment-medium size-medium wp-image-1393\" alt=\"\" srcset=\"https:\/\/consensodebrasilia.org\/wp-content\/uploads\/2026\/09\/04-CONSENSO-3-ANOS-178x300.jpg 178w, https:\/\/consensodebrasilia.org\/wp-content\/uploads\/2026\/09\/04-CONSENSO-3-ANOS-608x1024.jpg 608w, https:\/\/consensodebrasilia.org\/wp-content\/uploads\/2026\/09\/04-CONSENSO-3-ANOS-768x1293.jpg 768w, https:\/\/consensodebrasilia.org\/wp-content\/uploads\/2026\/09\/04-CONSENSO-3-ANOS-912x1536.jpg 912w, https:\/\/consensodebrasilia.org\/wp-content\/uploads\/2026\/09\/04-CONSENSO-3-ANOS-7x12.jpg 7w, https:\/\/consensodebrasilia.org\/wp-content\/uploads\/2026\/09\/04-CONSENSO-3-ANOS.jpg 1179w\" sizes=\"(max-width: 178px) 100vw, 178px\" \/><\/div><\/a>\n\t\t\t\t<div class=\"elementor-post__badge\">Noticias<\/div>\n\t\t\t\t<div class=\"elementor-post__text\">\n\t\t\t\t<h3 class=\"elementor-post__title\">\n\t\t\t<a href=\"https:\/\/consensodebrasilia.org\/pt\/la-celebracion-de-los-tres-anos-del-consenso-de-brasilia\/\" >\n\t\t\t\tLa celebraci\u00f3n de los tres a\u00f1os del Consenso de Brasilia\t\t\t<\/a>\n\t\t<\/h3>\n\t\t\t\t<div class=\"elementor-post__excerpt\">\n\t\t\t<p>El 3 de junio de 2026, a pocos d\u00edas de cumplidos los tres a\u00f1os del lanzamiento del Consenso de Brasilia -el mecanismo<\/p>\n\t\t<\/div>\n\t\t\n\t\t<a class=\"elementor-post__read-more\" href=\"https:\/\/consensodebrasilia.org\/pt\/la-celebracion-de-los-tres-anos-del-consenso-de-brasilia\/\" aria-label=\"Read more about La celebraci\u00f3n de los tres a\u00f1os del Consenso de Brasilia\" tabindex=\"-1\" >\n\t\t\tLeer m\u00e1s \u00bb\t\t<\/a>\n\n\t\t\t\t<\/div>\n\t\t\t\t\t<\/div>\n\t\t<\/article>\n\t\t\t\t<article class=\"elementor-post elementor-grid-item post-1421 post type-post status-publish format-standard has-post-thumbnail hentry category-noticias\" role=\"listitem\">\n\t\t\t<div class=\"elementor-post__card\">\n\t\t\t\t<a class=\"elementor-post__thumbnail__link\" href=\"https:\/\/consensodebrasilia.org\/pt\/consenso-de-brasilia-se-lanzo-en-uruguay-el-observatorio-de-infraestructura\/\" tabindex=\"-1\" ><div class=\"elementor-post__thumbnail\"><img loading=\"lazy\" decoding=\"async\" width=\"300\" height=\"200\" src=\"https:\/\/consensodebrasilia.org\/wp-content\/uploads\/2026\/09\/05-OBSERVATORIO-INFRAESTRUCTURA-300x200.jpg\" class=\"attachment-medium size-medium wp-image-1394\" alt=\"\" srcset=\"https:\/\/consensodebrasilia.org\/wp-content\/uploads\/2026\/09\/05-OBSERVATORIO-INFRAESTRUCTURA-300x200.jpg 300w, https:\/\/consensodebrasilia.org\/wp-content\/uploads\/2026\/09\/05-OBSERVATORIO-INFRAESTRUCTURA-768x512.jpg 768w, https:\/\/consensodebrasilia.org\/wp-content\/uploads\/2026\/09\/05-OBSERVATORIO-INFRAESTRUCTURA-18x12.jpg 18w, https:\/\/consensodebrasilia.org\/wp-content\/uploads\/2026\/09\/05-OBSERVATORIO-INFRAESTRUCTURA.jpg 945w\" sizes=\"(max-width: 300px) 100vw, 300px\" \/><\/div><\/a>\n\t\t\t\t<div class=\"elementor-post__badge\">Noticias<\/div>\n\t\t\t\t<div class=\"elementor-post__text\">\n\t\t\t\t<h3 class=\"elementor-post__title\">\n\t\t\t<a href=\"https:\/\/consensodebrasilia.org\/pt\/consenso-de-brasilia-se-lanzo-en-uruguay-el-observatorio-de-infraestructura\/\" >\n\t\t\t\tConsenso de Brasilia: se lanz\u00f3 en Uruguay el Observatorio de Infraestructura\t\t\t<\/a>\n\t\t<\/h3>\n\t\t\t\t<div class=\"elementor-post__excerpt\">\n\t\t\t<p>En el marco del II Encuentro de Alto Nivel de la Red de Infraestructura y Transporte del Consenso de Brasilia, celebrada en<\/p>\n\t\t<\/div>\n\t\t\n\t\t<a class=\"elementor-post__read-more\" href=\"https:\/\/consensodebrasilia.org\/pt\/consenso-de-brasilia-se-lanzo-en-uruguay-el-observatorio-de-infraestructura\/\" aria-label=\"Read more about Consenso de Brasilia: se lanz\u00f3 en Uruguay el Observatorio de Infraestructura\" tabindex=\"-1\" >\n\t\t\tLeer m\u00e1s \u00bb\t\t<\/a>\n\n\t\t\t\t<\/div>\n\t\t\t\t\t<\/div>\n\t\t<\/article>\n\t\t\t\t<article class=\"elementor-post elementor-grid-item post-1419 post type-post status-publish format-standard has-post-thumbnail hentry category-noticias\" role=\"listitem\">\n\t\t\t<div class=\"elementor-post__card\">\n\t\t\t\t<a class=\"elementor-post__thumbnail__link\" href=\"https:\/\/consensodebrasilia.org\/pt\/ii-encuentro-de-alto-nivel-de-la-red-de-infraestructura-y-transporte-del-consenso-de-brasilia\/\" tabindex=\"-1\" ><div class=\"elementor-post__thumbnail\"><img loading=\"lazy\" decoding=\"async\" width=\"300\" height=\"200\" src=\"https:\/\/consensodebrasilia.org\/wp-content\/uploads\/2026\/09\/06-ENCUENTRO-INFRAESTRUCTURA-Y-TRANSPORTE-2-300x200.jpg\" class=\"attachment-medium size-medium wp-image-1395\" alt=\"\" srcset=\"https:\/\/consensodebrasilia.org\/wp-content\/uploads\/2026\/09\/06-ENCUENTRO-INFRAESTRUCTURA-Y-TRANSPORTE-2-300x200.jpg 300w, https:\/\/consensodebrasilia.org\/wp-content\/uploads\/2026\/09\/06-ENCUENTRO-INFRAESTRUCTURA-Y-TRANSPORTE-2-1024x683.jpg 1024w, https:\/\/consensodebrasilia.org\/wp-content\/uploads\/2026\/09\/06-ENCUENTRO-INFRAESTRUCTURA-Y-TRANSPORTE-2-768x512.jpg 768w, https:\/\/consensodebrasilia.org\/wp-content\/uploads\/2026\/09\/06-ENCUENTRO-INFRAESTRUCTURA-Y-TRANSPORTE-2-1536x1024.jpg 1536w, https:\/\/consensodebrasilia.org\/wp-content\/uploads\/2026\/09\/06-ENCUENTRO-INFRAESTRUCTURA-Y-TRANSPORTE-2-2048x1365.jpg 2048w, https:\/\/consensodebrasilia.org\/wp-content\/uploads\/2026\/09\/06-ENCUENTRO-INFRAESTRUCTURA-Y-TRANSPORTE-2-18x12.jpg 18w\" sizes=\"(max-width: 300px) 100vw, 300px\" \/><\/div><\/a>\n\t\t\t\t<div class=\"elementor-post__badge\">Noticias<\/div>\n\t\t\t\t<div class=\"elementor-post__text\">\n\t\t\t\t<h3 class=\"elementor-post__title\">\n\t\t\t<a href=\"https:\/\/consensodebrasilia.org\/pt\/ii-encuentro-de-alto-nivel-de-la-red-de-infraestructura-y-transporte-del-consenso-de-brasilia\/\" >\n\t\t\t\tII Encuentro de Alto Nivel de la Red de Infraestructura y Transporte del Consenso de Brasilia\t\t\t<\/a>\n\t\t<\/h3>\n\t\t\t\t<div class=\"elementor-post__excerpt\">\n\t\t\t<p>El 17 y 18 de marzo de 2026 se reunieron en Montevideo las Altas Autoridades de la Red de Infraestructura y Transporte<\/p>\n\t\t<\/div>\n\t\t\n\t\t<a class=\"elementor-post__read-more\" href=\"https:\/\/consensodebrasilia.org\/pt\/ii-encuentro-de-alto-nivel-de-la-red-de-infraestructura-y-transporte-del-consenso-de-brasilia\/\" aria-label=\"Read more about II Encuentro de Alto Nivel de la Red de Infraestructura y Transporte del Consenso de Brasilia\" tabindex=\"-1\" >\n\t\t\tLeer m\u00e1s \u00bb\t\t<\/a>\n\n\t\t\t\t<\/div>\n\t\t\t\t\t<\/div>\n\t\t<\/article>\n\t\t\t\t<\/div>\n\t\t\n\t\t\t\t<div class=\"e-load-more-anchor\" data-page=\"1\" data-max-page=\"2\" data-next-page=\"https:\/\/consensodebrasilia.org\/pt\/wp-json\/wp\/v2\/pages\/1431\/page\/2\/\"><\/div>\n\t\t\t\t<nav class=\"elementor-pagination\" aria-label=\"Pagina\u00e7\u00e3o\">\n\t\t\t<span class=\"page-numbers prev\">&laquo; Anterior<\/span>\n<span aria-current=\"page\" class=\"page-numbers current\"><span class=\"elementor-screen-only\">P\u00e1gina<\/span>1<\/span>\n<a class=\"page-numbers\" href=\"https:\/\/consensodebrasilia.org\/pt\/wp-json\/wp\/v2\/pages\/1431\/page\/2\/\"><span class=\"elementor-screen-only\">P\u00e1gina<\/span>2<\/a>\n<a class=\"page-numbers next\" href=\"https:\/\/consensodebrasilia.org\/pt\/wp-json\/wp\/v2\/pages\/1431\/page\/2\/\">Siguiente &raquo;<\/a>\t\t<\/nav>\n\t\t\t\t\t\t<\/div>\n\t\t\t\t<\/div>\n\t\t\t\t\t<\/div>\n\t\t\t\t<\/div>\n\t\t\t\t<\/div>","protected":false},"excerpt":{"rendered":"","protected":false},"author":1,"featured_media":0,"parent":0,"menu_order":0,"comment_status":"closed","ping_status":"closed","template":"","meta":{"footnotes":""},"class_list":["post-1431","page","type-page","status-publish","hentry"],"_links":{"self":[{"href":"https:\/\/consensodebrasilia.org\/pt\/wp-json\/wp\/v2\/pages\/1431","targetHints":{"allow":["GET"]}}],"collection":[{"href":"https:\/\/consensodebrasilia.org\/pt\/wp-json\/wp\/v2\/pages"}],"about":[{"href":"https:\/\/consensodebrasilia.org\/pt\/wp-json\/wp\/v2\/types\/page"}],"author":[{"embeddable":true,"href":"https:\/\/consensodebrasilia.org\/pt\/wp-json\/wp\/v2\/users\/1"}],"replies":[{"embeddable":true,"href":"https:\/\/consensodebrasilia.org\/pt\/wp-json\/wp\/v2\/comments?post=1431"}],"version-history":[{"count":7,"href":"https:\/\/consensodebrasilia.org\/pt\/wp-json\/wp\/v2\/pages\/1431\/revisions"}],"predecessor-version":[{"id":1438,"href":"https:\/\/consensodebrasilia.org\/pt\/wp-json\/wp\/v2\/pages\/1431\/revisions\/1438"}],"wp:attachment":[{"href":"https:\/\/consensodebrasilia.org\/pt\/wp-json\/wp\/v2\/media?parent=1431"}],"curies":[{"name":"wp","href":"https:\/\/api.w.org\/{rel}","templated":true}]}}